{"id":144,"date":"2018-01-28T15:30:49","date_gmt":"2018-01-28T14:30:49","guid":{"rendered":"http:\/\/association-sakura.fr\/?page_id=144"},"modified":"2021-05-06T08:39:22","modified_gmt":"2021-05-06T07:39:22","slug":"voeux-de-la-mairie-de-pezenas","status":"publish","type":"page","link":"https:\/\/association-sakura.fr\/?page_id=144","title":{"rendered":"2017 &#8211; V\u0153ux de la mairie de P\u00e9zenas"},"content":{"rendered":"<div data-carousel-extra='{\"blog_id\":1,\"permalink\":\"https:\\\/\\\/association-sakura.fr\\\/?page_id=144\"}' id='gallery-1' class='gallery galleryid-144 gallery-columns-3 gallery-size-thumbnail'><figure class='gallery-item'>\n\t\t\t<div class='gallery-icon landscape'>\n\t\t\t\t<a href='https:\/\/association-sakura.fr\/?attachment_id=145'><img width=\"150\" height=\"150\" src=\"https:\/\/i0.wp.com\/association-sakura.fr\/wp-content\/uploads\/2018\/01\/P_20180119_181852.jpg?resize=150%2C150&amp;ssl=1\" class=\"attachment-thumbnail size-thumbnail\" alt=\"\" decoding=\"async\" loading=\"lazy\" srcset=\"https:\/\/i0.wp.com\/association-sakura.fr\/wp-content\/uploads\/2018\/01\/P_20180119_181852.jpg?resize=150%2C150&amp;ssl=1 150w, https:\/\/i0.wp.com\/association-sakura.fr\/wp-content\/uploads\/2018\/01\/P_20180119_181852.jpg?zoom=2&amp;resize=150%2C150&amp;ssl=1 300w, https:\/\/i0.wp.com\/association-sakura.fr\/wp-content\/uploads\/2018\/01\/P_20180119_181852.jpg?zoom=3&amp;resize=150%2C150&amp;ssl=1 450w\" sizes=\"(max-width: 150px) 100vw, 150px\" data-attachment-id=\"145\" data-permalink=\"https:\/\/association-sakura.fr\/?attachment_id=145\" data-orig-file=\"https:\/\/i0.wp.com\/association-sakura.fr\/wp-content\/uploads\/2018\/01\/P_20180119_181852.jpg?fit=4096%2C3072&amp;ssl=1\" data-orig-size=\"4096,3072\" data-comments-opened=\"1\" data-image-meta=\"{&quot;aperture&quot;:&quot;2&quot;,&quot;credit&quot;:&quot;&quot;,&quot;camera&quot;:&quot;Z00AD&quot;,&quot;caption&quot;:&quot;Jpeg&quot;,&quot;created_timestamp&quot;:&quot;1516385929&quot;,&quot;copyright&quot;:&quot;&quot;,&quot;focal_length&quot;:&quot;3.78&quot;,&quot;iso&quot;:&quot;830&quot;,&quot;shutter_speed&quot;:&quot;0.03&quot;,&quot;title&quot;:&quot;Jpeg&quot;,&quot;orientation&quot;:&quot;1&quot;}\" data-image-title=\"\" data-image-description=\"\" data-image-caption=\"\" data-medium-file=\"https:\/\/i0.wp.com\/association-sakura.fr\/wp-content\/uploads\/2018\/01\/P_20180119_181852.jpg?fit=300%2C225&amp;ssl=1\" data-large-file=\"https:\/\/i0.wp.com\/association-sakura.fr\/wp-content\/uploads\/2018\/01\/P_20180119_181852.jpg?fit=800%2C600&amp;ssl=1\" \/><\/a>\n\t\t\t<\/div><\/figure><figure class='gallery-item'>\n\t\t\t<div class='gallery-icon portrait'>\n\t\t\t\t<a href='https:\/\/association-sakura.fr\/?attachment_id=146'><img width=\"150\" height=\"150\" src=\"https:\/\/i0.wp.com\/association-sakura.fr\/wp-content\/uploads\/2018\/01\/P_20180119_185657-e1517149353198.jpg?resize=150%2C150&amp;ssl=1\" class=\"attachment-thumbnail size-thumbnail\" alt=\"\" decoding=\"async\" loading=\"lazy\" srcset=\"https:\/\/i0.wp.com\/association-sakura.fr\/wp-content\/uploads\/2018\/01\/P_20180119_185657-e1517149353198.jpg?resize=150%2C150&amp;ssl=1 150w, https:\/\/i0.wp.com\/association-sakura.fr\/wp-content\/uploads\/2018\/01\/P_20180119_185657-e1517149353198.jpg?zoom=2&amp;resize=150%2C150&amp;ssl=1 300w, https:\/\/i0.wp.com\/association-sakura.fr\/wp-content\/uploads\/2018\/01\/P_20180119_185657-e1517149353198.jpg?zoom=3&amp;resize=150%2C150&amp;ssl=1 450w\" sizes=\"(max-width: 150px) 100vw, 150px\" data-attachment-id=\"146\" data-permalink=\"https:\/\/association-sakura.fr\/?attachment_id=146\" data-orig-file=\"https:\/\/i0.wp.com\/association-sakura.fr\/wp-content\/uploads\/2018\/01\/P_20180119_185657-e1517149353198.jpg?fit=3072%2C4096&amp;ssl=1\" data-orig-size=\"3072,4096\" data-comments-opened=\"1\" data-image-meta=\"{&quot;aperture&quot;:&quot;2&quot;,&quot;credit&quot;:&quot;&quot;,&quot;camera&quot;:&quot;Z00AD&quot;,&quot;caption&quot;:&quot;Jpeg&quot;,&quot;created_timestamp&quot;:&quot;1516388214&quot;,&quot;copyright&quot;:&quot;&quot;,&quot;focal_length&quot;:&quot;3.78&quot;,&quot;iso&quot;:&quot;490&quot;,&quot;shutter_speed&quot;:&quot;0.02&quot;,&quot;title&quot;:&quot;Jpeg&quot;,&quot;orientation&quot;:&quot;6&quot;}\" data-image-title=\"Jpeg\" data-image-description=\"\" data-image-caption=\"\" data-medium-file=\"https:\/\/i0.wp.com\/association-sakura.fr\/wp-content\/uploads\/2018\/01\/P_20180119_185657-e1517149353198.jpg?fit=225%2C300&amp;ssl=1\" data-large-file=\"https:\/\/i0.wp.com\/association-sakura.fr\/wp-content\/uploads\/2018\/01\/P_20180119_185657-e1517149353198.jpg?fit=768%2C1024&amp;ssl=1\" \/><\/a>\n\t\t\t<\/div><\/figure><figure class='gallery-item'>\n\t\t\t<div class='gallery-icon portrait'>\n\t\t\t\t<a href='https:\/\/association-sakura.fr\/?attachment_id=147'><img width=\"150\" height=\"150\" src=\"https:\/\/i0.wp.com\/association-sakura.fr\/wp-content\/uploads\/2018\/01\/P_20180119_182542-e1517149338953.jpg?resize=150%2C150&amp;ssl=1\" class=\"attachment-thumbnail size-thumbnail\" alt=\"\" decoding=\"async\" loading=\"lazy\" srcset=\"https:\/\/i0.wp.com\/association-sakura.fr\/wp-content\/uploads\/2018\/01\/P_20180119_182542-e1517149338953.jpg?resize=150%2C150&amp;ssl=1 150w, https:\/\/i0.wp.com\/association-sakura.fr\/wp-content\/uploads\/2018\/01\/P_20180119_182542-e1517149338953.jpg?zoom=2&amp;resize=150%2C150&amp;ssl=1 300w, https:\/\/i0.wp.com\/association-sakura.fr\/wp-content\/uploads\/2018\/01\/P_20180119_182542-e1517149338953.jpg?zoom=3&amp;resize=150%2C150&amp;ssl=1 450w\" sizes=\"(max-width: 150px) 100vw, 150px\" data-attachment-id=\"147\" data-permalink=\"https:\/\/association-sakura.fr\/?attachment_id=147\" data-orig-file=\"https:\/\/i0.wp.com\/association-sakura.fr\/wp-content\/uploads\/2018\/01\/P_20180119_182542-e1517149338953.jpg?fit=3072%2C4096&amp;ssl=1\" data-orig-size=\"3072,4096\" data-comments-opened=\"1\" data-image-meta=\"{&quot;aperture&quot;:&quot;2&quot;,&quot;credit&quot;:&quot;&quot;,&quot;camera&quot;:&quot;Z00AD&quot;,&quot;caption&quot;:&quot;Jpeg&quot;,&quot;created_timestamp&quot;:&quot;1516386339&quot;,&quot;copyright&quot;:&quot;&quot;,&quot;focal_length&quot;:&quot;3.78&quot;,&quot;iso&quot;:&quot;970&quot;,&quot;shutter_speed&quot;:&quot;0.02&quot;,&quot;title&quot;:&quot;Jpeg&quot;,&quot;orientation&quot;:&quot;6&quot;}\" data-image-title=\"Jpeg\" data-image-description=\"\" data-image-caption=\"\" data-medium-file=\"https:\/\/i0.wp.com\/association-sakura.fr\/wp-content\/uploads\/2018\/01\/P_20180119_182542-e1517149338953.jpg?fit=225%2C300&amp;ssl=1\" data-large-file=\"https:\/\/i0.wp.com\/association-sakura.fr\/wp-content\/uploads\/2018\/01\/P_20180119_182542-e1517149338953.jpg?fit=768%2C1024&amp;ssl=1\" \/><\/a>\n\t\t\t<\/div><\/figure><figure class='gallery-item'>\n\t\t\t<div class='gallery-icon landscape'>\n\t\t\t\t<a href='https:\/\/association-sakura.fr\/?attachment_id=149'><img width=\"150\" height=\"150\" src=\"https:\/\/i0.wp.com\/association-sakura.fr\/wp-content\/uploads\/2018\/01\/P_20180119_182324.jpg?resize=150%2C150&amp;ssl=1\" class=\"attachment-thumbnail size-thumbnail\" alt=\"\" decoding=\"async\" loading=\"lazy\" srcset=\"https:\/\/i0.wp.com\/association-sakura.fr\/wp-content\/uploads\/2018\/01\/P_20180119_182324.jpg?resize=150%2C150&amp;ssl=1 150w, https:\/\/i0.wp.com\/association-sakura.fr\/wp-content\/uploads\/2018\/01\/P_20180119_182324.jpg?zoom=2&amp;resize=150%2C150&amp;ssl=1 300w, https:\/\/i0.wp.com\/association-sakura.fr\/wp-content\/uploads\/2018\/01\/P_20180119_182324.jpg?zoom=3&amp;resize=150%2C150&amp;ssl=1 450w\" sizes=\"(max-width: 150px) 100vw, 150px\" data-attachment-id=\"149\" data-permalink=\"https:\/\/association-sakura.fr\/?attachment_id=149\" data-orig-file=\"https:\/\/i0.wp.com\/association-sakura.fr\/wp-content\/uploads\/2018\/01\/P_20180119_182324.jpg?fit=4096%2C3072&amp;ssl=1\" data-orig-size=\"4096,3072\" data-comments-opened=\"1\" data-image-meta=\"{&quot;aperture&quot;:&quot;2&quot;,&quot;credit&quot;:&quot;&quot;,&quot;camera&quot;:&quot;Z00AD&quot;,&quot;caption&quot;:&quot;Jpeg&quot;,&quot;created_timestamp&quot;:&quot;1516386201&quot;,&quot;copyright&quot;:&quot;&quot;,&quot;focal_length&quot;:&quot;3.78&quot;,&quot;iso&quot;:&quot;1210&quot;,&quot;shutter_speed&quot;:&quot;0.03&quot;,&quot;title&quot;:&quot;Jpeg&quot;,&quot;orientation&quot;:&quot;1&quot;}\" data-image-title=\"Jpeg\" data-image-description=\"\" data-image-caption=\"\" data-medium-file=\"https:\/\/i0.wp.com\/association-sakura.fr\/wp-content\/uploads\/2018\/01\/P_20180119_182324.jpg?fit=300%2C225&amp;ssl=1\" data-large-file=\"https:\/\/i0.wp.com\/association-sakura.fr\/wp-content\/uploads\/2018\/01\/P_20180119_182324.jpg?fit=800%2C600&amp;ssl=1\" \/><\/a>\n\t\t\t<\/div><\/figure><figure class='gallery-item'>\n\t\t\t<div class='gallery-icon portrait'>\n\t\t\t\t<a href='https:\/\/association-sakura.fr\/?attachment_id=150'><img width=\"150\" height=\"150\" src=\"https:\/\/i0.wp.com\/association-sakura.fr\/wp-content\/uploads\/2018\/01\/P_20180119_181918-e1517149414292.jpg?resize=150%2C150&amp;ssl=1\" class=\"attachment-thumbnail size-thumbnail\" alt=\"\" decoding=\"async\" loading=\"lazy\" srcset=\"https:\/\/i0.wp.com\/association-sakura.fr\/wp-content\/uploads\/2018\/01\/P_20180119_181918-e1517149414292.jpg?resize=150%2C150&amp;ssl=1 150w, https:\/\/i0.wp.com\/association-sakura.fr\/wp-content\/uploads\/2018\/01\/P_20180119_181918-e1517149414292.jpg?zoom=2&amp;resize=150%2C150&amp;ssl=1 300w, https:\/\/i0.wp.com\/association-sakura.fr\/wp-content\/uploads\/2018\/01\/P_20180119_181918-e1517149414292.jpg?zoom=3&amp;resize=150%2C150&amp;ssl=1 450w\" sizes=\"(max-width: 150px) 100vw, 150px\" data-attachment-id=\"150\" data-permalink=\"https:\/\/association-sakura.fr\/?attachment_id=150\" data-orig-file=\"https:\/\/i0.wp.com\/association-sakura.fr\/wp-content\/uploads\/2018\/01\/P_20180119_181918-e1517149414292.jpg?fit=3072%2C4096&amp;ssl=1\" data-orig-size=\"3072,4096\" data-comments-opened=\"1\" data-image-meta=\"{&quot;aperture&quot;:&quot;2&quot;,&quot;credit&quot;:&quot;&quot;,&quot;camera&quot;:&quot;Z00AD&quot;,&quot;caption&quot;:&quot;Jpeg&quot;,&quot;created_timestamp&quot;:&quot;1516385956&quot;,&quot;copyright&quot;:&quot;&quot;,&quot;focal_length&quot;:&quot;3.78&quot;,&quot;iso&quot;:&quot;1550&quot;,&quot;shutter_speed&quot;:&quot;0.04&quot;,&quot;title&quot;:&quot;Jpeg&quot;,&quot;orientation&quot;:&quot;6&quot;}\" data-image-title=\"Jpeg\" data-image-description=\"\" data-image-caption=\"\" data-medium-file=\"https:\/\/i0.wp.com\/association-sakura.fr\/wp-content\/uploads\/2018\/01\/P_20180119_181918-e1517149414292.jpg?fit=225%2C300&amp;ssl=1\" data-large-file=\"https:\/\/i0.wp.com\/association-sakura.fr\/wp-content\/uploads\/2018\/01\/P_20180119_181918-e1517149414292.jpg?fit=768%2C1024&amp;ssl=1\" \/><\/a>\n\t\t\t<\/div><\/figure><figure class='gallery-item'>\n\t\t\t<div class='gallery-icon portrait'>\n\t\t\t\t<a href='https:\/\/association-sakura.fr\/?attachment_id=151'><img width=\"150\" height=\"150\" src=\"https:\/\/i0.wp.com\/association-sakura.fr\/wp-content\/uploads\/2018\/01\/P_20180119_185135-e1517149432480.jpg?resize=150%2C150&amp;ssl=1\" class=\"attachment-thumbnail size-thumbnail\" alt=\"\" decoding=\"async\" loading=\"lazy\" srcset=\"https:\/\/i0.wp.com\/association-sakura.fr\/wp-content\/uploads\/2018\/01\/P_20180119_185135-e1517149432480.jpg?resize=150%2C150&amp;ssl=1 150w, https:\/\/i0.wp.com\/association-sakura.fr\/wp-content\/uploads\/2018\/01\/P_20180119_185135-e1517149432480.jpg?zoom=2&amp;resize=150%2C150&amp;ssl=1 300w, https:\/\/i0.wp.com\/association-sakura.fr\/wp-content\/uploads\/2018\/01\/P_20180119_185135-e1517149432480.jpg?zoom=3&amp;resize=150%2C150&amp;ssl=1 450w\" sizes=\"(max-width: 150px) 100vw, 150px\" data-attachment-id=\"151\" data-permalink=\"https:\/\/association-sakura.fr\/?attachment_id=151\" data-orig-file=\"https:\/\/i0.wp.com\/association-sakura.fr\/wp-content\/uploads\/2018\/01\/P_20180119_185135-e1517149432480.jpg?fit=3072%2C4096&amp;ssl=1\" data-orig-size=\"3072,4096\" data-comments-opened=\"1\" data-image-meta=\"{&quot;aperture&quot;:&quot;2&quot;,&quot;credit&quot;:&quot;&quot;,&quot;camera&quot;:&quot;Z00AD&quot;,&quot;caption&quot;:&quot;Jpeg&quot;,&quot;created_timestamp&quot;:&quot;1516387891&quot;,&quot;copyright&quot;:&quot;&quot;,&quot;focal_length&quot;:&quot;3.78&quot;,&quot;iso&quot;:&quot;1600&quot;,&quot;shutter_speed&quot;:&quot;0.03&quot;,&quot;title&quot;:&quot;Jpeg&quot;,&quot;orientation&quot;:&quot;6&quot;}\" data-image-title=\"Jpeg\" data-image-description=\"\" data-image-caption=\"\" data-medium-file=\"https:\/\/i0.wp.com\/association-sakura.fr\/wp-content\/uploads\/2018\/01\/P_20180119_185135-e1517149432480.jpg?fit=225%2C300&amp;ssl=1\" data-large-file=\"https:\/\/i0.wp.com\/association-sakura.fr\/wp-content\/uploads\/2018\/01\/P_20180119_185135-e1517149432480.jpg?fit=768%2C1024&amp;ssl=1\" \/><\/a>\n\t\t\t<\/div><\/figure><figure class='gallery-item'>\n\t\t\t<div class='gallery-icon landscape'>\n\t\t\t\t<a href='https:\/\/association-sakura.fr\/?attachment_id=152'><img width=\"150\" height=\"150\" src=\"https:\/\/i0.wp.com\/association-sakura.fr\/wp-content\/uploads\/2018\/01\/P_20180119_181858.jpg?resize=150%2C150&amp;ssl=1\" class=\"attachment-thumbnail size-thumbnail\" alt=\"\" decoding=\"async\" loading=\"lazy\" srcset=\"https:\/\/i0.wp.com\/association-sakura.fr\/wp-content\/uploads\/2018\/01\/P_20180119_181858.jpg?resize=150%2C150&amp;ssl=1 150w, https:\/\/i0.wp.com\/association-sakura.fr\/wp-content\/uploads\/2018\/01\/P_20180119_181858.jpg?zoom=2&amp;resize=150%2C150&amp;ssl=1 300w, https:\/\/i0.wp.com\/association-sakura.fr\/wp-content\/uploads\/2018\/01\/P_20180119_181858.jpg?zoom=3&amp;resize=150%2C150&amp;ssl=1 450w\" sizes=\"(max-width: 150px) 100vw, 150px\" data-attachment-id=\"152\" data-permalink=\"https:\/\/association-sakura.fr\/?attachment_id=152\" data-orig-file=\"https:\/\/i0.wp.com\/association-sakura.fr\/wp-content\/uploads\/2018\/01\/P_20180119_181858.jpg?fit=4096%2C3072&amp;ssl=1\" data-orig-size=\"4096,3072\" data-comments-opened=\"1\" data-image-meta=\"{&quot;aperture&quot;:&quot;2&quot;,&quot;credit&quot;:&quot;&quot;,&quot;camera&quot;:&quot;Z00AD&quot;,&quot;caption&quot;:&quot;Jpeg&quot;,&quot;created_timestamp&quot;:&quot;1516385935&quot;,&quot;copyright&quot;:&quot;&quot;,&quot;focal_length&quot;:&quot;3.78&quot;,&quot;iso&quot;:&quot;970&quot;,&quot;shutter_speed&quot;:&quot;0.03&quot;,&quot;title&quot;:&quot;Jpeg&quot;,&quot;orientation&quot;:&quot;1&quot;}\" data-image-title=\"Jpeg\" data-image-description=\"\" data-image-caption=\"\" data-medium-file=\"https:\/\/i0.wp.com\/association-sakura.fr\/wp-content\/uploads\/2018\/01\/P_20180119_181858.jpg?fit=300%2C225&amp;ssl=1\" data-large-file=\"https:\/\/i0.wp.com\/association-sakura.fr\/wp-content\/uploads\/2018\/01\/P_20180119_181858.jpg?fit=800%2C600&amp;ssl=1\" \/><\/a>\n\t\t\t<\/div><\/figure><figure class='gallery-item'>\n\t\t\t<div class='gallery-icon portrait'>\n\t\t\t\t<a href='https:\/\/association-sakura.fr\/?attachment_id=153'><img width=\"150\" height=\"150\" src=\"https:\/\/i0.wp.com\/association-sakura.fr\/wp-content\/uploads\/2018\/01\/P_20180119_182336-e1517149522246.jpg?resize=150%2C150&amp;ssl=1\" class=\"attachment-thumbnail size-thumbnail\" alt=\"\" decoding=\"async\" loading=\"lazy\" srcset=\"https:\/\/i0.wp.com\/association-sakura.fr\/wp-content\/uploads\/2018\/01\/P_20180119_182336-e1517149522246.jpg?resize=150%2C150&amp;ssl=1 150w, https:\/\/i0.wp.com\/association-sakura.fr\/wp-content\/uploads\/2018\/01\/P_20180119_182336-e1517149522246.jpg?zoom=2&amp;resize=150%2C150&amp;ssl=1 300w, https:\/\/i0.wp.com\/association-sakura.fr\/wp-content\/uploads\/2018\/01\/P_20180119_182336-e1517149522246.jpg?zoom=3&amp;resize=150%2C150&amp;ssl=1 450w\" sizes=\"(max-width: 150px) 100vw, 150px\" data-attachment-id=\"153\" data-permalink=\"https:\/\/association-sakura.fr\/?attachment_id=153\" data-orig-file=\"https:\/\/i0.wp.com\/association-sakura.fr\/wp-content\/uploads\/2018\/01\/P_20180119_182336-e1517149522246.jpg?fit=3072%2C4096&amp;ssl=1\" data-orig-size=\"3072,4096\" data-comments-opened=\"1\" data-image-meta=\"{&quot;aperture&quot;:&quot;2&quot;,&quot;credit&quot;:&quot;&quot;,&quot;camera&quot;:&quot;Z00AD&quot;,&quot;caption&quot;:&quot;Jpeg&quot;,&quot;created_timestamp&quot;:&quot;1516386214&quot;,&quot;copyright&quot;:&quot;&quot;,&quot;focal_length&quot;:&quot;3.78&quot;,&quot;iso&quot;:&quot;430&quot;,&quot;shutter_speed&quot;:&quot;0.02&quot;,&quot;title&quot;:&quot;Jpeg&quot;,&quot;orientation&quot;:&quot;6&quot;}\" data-image-title=\"Jpeg\" data-image-description=\"\" data-image-caption=\"\" data-medium-file=\"https:\/\/i0.wp.com\/association-sakura.fr\/wp-content\/uploads\/2018\/01\/P_20180119_182336-e1517149522246.jpg?fit=225%2C300&amp;ssl=1\" data-large-file=\"https:\/\/i0.wp.com\/association-sakura.fr\/wp-content\/uploads\/2018\/01\/P_20180119_182336-e1517149522246.jpg?fit=768%2C1024&amp;ssl=1\" \/><\/a>\n\t\t\t<\/div><\/figure><figure class='gallery-item'>\n\t\t\t<div class='gallery-icon portrait'>\n\t\t\t\t<a href='https:\/\/association-sakura.fr\/?attachment_id=157'><img width=\"150\" height=\"150\" src=\"https:\/\/i0.wp.com\/association-sakura.fr\/wp-content\/uploads\/2018\/01\/P_20180119_194316-e1517149668112.jpg?resize=150%2C150&amp;ssl=1\" class=\"attachment-thumbnail size-thumbnail\" alt=\"\" decoding=\"async\" loading=\"lazy\" srcset=\"https:\/\/i0.wp.com\/association-sakura.fr\/wp-content\/uploads\/2018\/01\/P_20180119_194316-e1517149668112.jpg?resize=150%2C150&amp;ssl=1 150w, https:\/\/i0.wp.com\/association-sakura.fr\/wp-content\/uploads\/2018\/01\/P_20180119_194316-e1517149668112.jpg?zoom=2&amp;resize=150%2C150&amp;ssl=1 300w, https:\/\/i0.wp.com\/association-sakura.fr\/wp-content\/uploads\/2018\/01\/P_20180119_194316-e1517149668112.jpg?zoom=3&amp;resize=150%2C150&amp;ssl=1 450w\" sizes=\"(max-width: 150px) 100vw, 150px\" data-attachment-id=\"157\" data-permalink=\"https:\/\/association-sakura.fr\/?attachment_id=157\" data-orig-file=\"https:\/\/i0.wp.com\/association-sakura.fr\/wp-content\/uploads\/2018\/01\/P_20180119_194316-e1517149668112.jpg?fit=3072%2C4096&amp;ssl=1\" data-orig-size=\"3072,4096\" data-comments-opened=\"1\" data-image-meta=\"{&quot;aperture&quot;:&quot;2&quot;,&quot;credit&quot;:&quot;&quot;,&quot;camera&quot;:&quot;Z00AD&quot;,&quot;caption&quot;:&quot;Jpeg&quot;,&quot;created_timestamp&quot;:&quot;1516390994&quot;,&quot;copyright&quot;:&quot;&quot;,&quot;focal_length&quot;:&quot;3.78&quot;,&quot;iso&quot;:&quot;1600&quot;,&quot;shutter_speed&quot;:&quot;0.03&quot;,&quot;title&quot;:&quot;Jpeg&quot;,&quot;orientation&quot;:&quot;6&quot;}\" data-image-title=\"Jpeg\" data-image-description=\"\" data-image-caption=\"\" data-medium-file=\"https:\/\/i0.wp.com\/association-sakura.fr\/wp-content\/uploads\/2018\/01\/P_20180119_194316-e1517149668112.jpg?fit=225%2C300&amp;ssl=1\" data-large-file=\"https:\/\/i0.wp.com\/association-sakura.fr\/wp-content\/uploads\/2018\/01\/P_20180119_194316-e1517149668112.jpg?fit=768%2C1024&amp;ssl=1\" \/><\/a>\n\t\t\t<\/div><\/figure><figure class='gallery-item'>\n\t\t\t<div class='gallery-icon portrait'>\n\t\t\t\t<a href='https:\/\/association-sakura.fr\/?attachment_id=158'><img width=\"150\" height=\"150\" src=\"https:\/\/i0.wp.com\/association-sakura.fr\/wp-content\/uploads\/2018\/01\/P_20180119_194312-e1517149734626.jpg?resize=150%2C150&amp;ssl=1\" class=\"attachment-thumbnail size-thumbnail\" alt=\"\" decoding=\"async\" loading=\"lazy\" srcset=\"https:\/\/i0.wp.com\/association-sakura.fr\/wp-content\/uploads\/2018\/01\/P_20180119_194312-e1517149734626.jpg?resize=150%2C150&amp;ssl=1 150w, https:\/\/i0.wp.com\/association-sakura.fr\/wp-content\/uploads\/2018\/01\/P_20180119_194312-e1517149734626.jpg?zoom=2&amp;resize=150%2C150&amp;ssl=1 300w, https:\/\/i0.wp.com\/association-sakura.fr\/wp-content\/uploads\/2018\/01\/P_20180119_194312-e1517149734626.jpg?zoom=3&amp;resize=150%2C150&amp;ssl=1 450w\" sizes=\"(max-width: 150px) 100vw, 150px\" data-attachment-id=\"158\" data-permalink=\"https:\/\/association-sakura.fr\/?attachment_id=158\" data-orig-file=\"https:\/\/i0.wp.com\/association-sakura.fr\/wp-content\/uploads\/2018\/01\/P_20180119_194312-e1517149734626.jpg?fit=3072%2C4096&amp;ssl=1\" data-orig-size=\"3072,4096\" data-comments-opened=\"1\" data-image-meta=\"{&quot;aperture&quot;:&quot;2&quot;,&quot;credit&quot;:&quot;&quot;,&quot;camera&quot;:&quot;Z00AD&quot;,&quot;caption&quot;:&quot;Jpeg&quot;,&quot;created_timestamp&quot;:&quot;1516390989&quot;,&quot;copyright&quot;:&quot;&quot;,&quot;focal_length&quot;:&quot;3.78&quot;,&quot;iso&quot;:&quot;750&quot;,&quot;shutter_speed&quot;:&quot;0.03&quot;,&quot;title&quot;:&quot;Jpeg&quot;,&quot;orientation&quot;:&quot;6&quot;}\" data-image-title=\"Jpeg\" data-image-description=\"\" data-image-caption=\"\" data-medium-file=\"https:\/\/i0.wp.com\/association-sakura.fr\/wp-content\/uploads\/2018\/01\/P_20180119_194312-e1517149734626.jpg?fit=225%2C300&amp;ssl=1\" data-large-file=\"https:\/\/i0.wp.com\/association-sakura.fr\/wp-content\/uploads\/2018\/01\/P_20180119_194312-e1517149734626.jpg?fit=768%2C1024&amp;ssl=1\" \/><\/a>\n\t\t\t<\/div><\/figure>\n\t\t<\/div>\n\n<p><a href=\"http:\/\/www.herault-tribune.com\/articles\/166380\/pezenas-une-ceremonie-de-voeux-consensuelle-par-le-maire-alain-vogel-singer\/\">V\u0153ux du maire en vid\u00e9o<\/a><\/p>\n<p><\/p>\n\n\n<p><\/p>\n<div class=\"sharedaddy sd-sharing-enabled\"><div class=\"robots-nocontent sd-block sd-social sd-social-icon sd-sharing\"><h3 class=\"sd-title\">Partager\u00a0:<\/h3><div class=\"sd-content\"><ul><li class=\"share-twitter\"><a rel=\"nofollow noopener noreferrer\" data-shared=\"sharing-twitter-144\" class=\"share-twitter sd-button share-icon no-text\" href=\"https:\/\/association-sakura.fr\/?page_id=144&amp;share=twitter\" target=\"_blank\" title=\"Cliquez pour partager sur Twitter\" ><span><\/span><span class=\"sharing-screen-reader-text\">Cliquez pour partager sur Twitter(ouvre dans une nouvelle fen\u00eatre)<\/span><\/a><\/li><li class=\"share-facebook\"><a rel=\"nofollow noopener noreferrer\" data-shared=\"sharing-facebook-144\" class=\"share-facebook sd-button share-icon no-text\" href=\"https:\/\/association-sakura.fr\/?page_id=144&amp;share=facebook\" target=\"_blank\" title=\"Cliquez pour partager sur Facebook\" ><span><\/span><span class=\"sharing-screen-reader-text\">Cliquez pour partager sur Facebook(ouvre dans une nouvelle fen\u00eatre)<\/span><\/a><\/li><li class=\"share-end\"><\/li><\/ul><\/div><\/div><\/div>","protected":false},"excerpt":{"rendered":"<p>V\u0153ux du maire en vid\u00e9o<\/p>\n<div class=\"sharedaddy sd-sharing-enabled\"><div class=\"robots-nocontent sd-block sd-social sd-social-icon sd-sharing\"><h3 class=\"sd-title\">Partager\u00a0:<\/h3><div class=\"sd-content\"><ul><li class=\"share-twitter\"><a rel=\"nofollow noopener noreferrer\" data-shared=\"sharing-twitter-144\" class=\"share-twitter sd-button share-icon no-text\" href=\"https:\/\/association-sakura.fr\/?page_id=144&amp;share=twitter\" target=\"_blank\" title=\"Cliquez pour partager sur Twitter\" ><span><\/span><span class=\"sharing-screen-reader-text\">Cliquez pour partager sur Twitter(ouvre dans une nouvelle fen\u00eatre)<\/span><\/a><\/li><li class=\"share-facebook\"><a rel=\"nofollow noopener noreferrer\" data-shared=\"sharing-facebook-144\" class=\"share-facebook sd-button share-icon no-text\" href=\"https:\/\/association-sakura.fr\/?page_id=144&amp;share=facebook\" target=\"_blank\" title=\"Cliquez pour partager sur Facebook\" ><span><\/span><span class=\"sharing-screen-reader-text\">Cliquez pour partager sur Facebook(ouvre dans une nouvelle fen\u00eatre)<\/span><\/a><\/li><li class=\"share-end\"><\/li><\/ul><\/div><\/div><\/div>","protected":false},"author":1,"featured_media":0,"parent":12,"menu_order":0,"comment_status":"closed","ping_status":"closed","template":"","meta":{"jetpack_post_was_ever_published":false},"jetpack_sharing_enabled":true,"jetpack_shortlink":"https:\/\/wp.me\/P7NwjI-2k","jetpack-related-posts":[{"id":3268,"url":"https:\/\/association-sakura.fr\/?page_id=3268","url_meta":{"origin":144,"position":0},"title":"2022 &#8211; Semaine du Japon en Occitanie &#8211; Expo du Japon \u00e0 P\u00e9zenas","date":"27 d\u00e9cembre 2022","format":false,"excerpt":"Merci \u00e0 la Mairie de P\u00e9zenas pour ses photos !!! Egalement un grand merci au Consulat du Japon \u00e0 Marseille et \u00e0 l'association Y\u00fbjo pour la mise en place de cette semaine du Japon en Occitanie, mais aussi \u00e0 l'artisan Papetier et \u00e0 l'atelier de Michiko pour leur pr\u00eat de\u2026","rel":"","context":"Article similaire","img":{"alt_text":"","src":"https:\/\/i0.wp.com\/association-sakura.fr\/wp-content\/uploads\/2022\/12\/IMG_4573-scaled.jpg?resize=350%2C200&ssl=1","width":350,"height":200},"classes":[]},{"id":92,"url":"https:\/\/association-sakura.fr\/?page_id=92","url_meta":{"origin":144,"position":1},"title":"2017 &#8211; Journ\u00e9e des associations \u00e0 P\u00e9zenas","date":"24 ao\u00fbt 2017","format":false,"excerpt":"Retrouvez nous au Forum des Loisirs le 9 septembre 2017 de 9h \u00e0 13h au Parc sans Soucis de P\u00e9zenas !","rel":"","context":"Article similaire","img":{"alt_text":"","src":"https:\/\/i0.wp.com\/association-sakura.fr\/wp-content\/uploads\/2017\/08\/P_20170909_082820-e1505117856565.jpg?resize=350%2C200","width":350,"height":200},"classes":[]},{"id":1739,"url":"https:\/\/association-sakura.fr\/?page_id=1739","url_meta":{"origin":144,"position":2},"title":"2018 &#8211; Vernissage exposition Ukiyo-e P\u00e9zenas","date":"17 ao\u00fbt 2020","format":false,"excerpt":"Merci \u00e0 la m\u00e9diath\u00e8que de nous avoir fait confiance pour cette manifestation et pour avoir pris les photos :-)","rel":"","context":"Article similaire","img":{"alt_text":"","src":"https:\/\/i0.wp.com\/association-sakura.fr\/wp-content\/uploads\/2020\/08\/2018-Exposition-Ukiyo-e-15.jpg?resize=350%2C200&ssl=1","width":350,"height":200},"classes":[]},{"id":2,"url":"https:\/\/association-sakura.fr\/?page_id=2","url_meta":{"origin":144,"position":3},"title":"Cours","date":"11 ao\u00fbt 2016","format":false,"excerpt":"L'association Sakura propose des cours de Japonais (et d'autres activit\u00e9s pendant les vacances scolaires) \u00e0 B\u00e9darieux et \u00e0 P\u00e9zenas Pour nous retrouver \u00e0 B\u00e9darieux, c'est tous les mardis de 17 \u00e0 18h au lyc\u00e9e Ferdinand Fabre\u00a0(maison des lyc\u00e9ens). Et \u00e0 P\u00e9zenas, c'est tous les vendredis de 17 \u00e0 18h (d\u00e9butants)\u2026","rel":"","context":"Article similaire","img":{"alt_text":"","src":"","width":0,"height":0},"classes":[]},{"id":30,"url":"https:\/\/association-sakura.fr\/?page_id=30","url_meta":{"origin":144,"position":4},"title":"Mentions l\u00e9gales","date":"12 ao\u00fbt 2016","format":false,"excerpt":"Association Sakura D\u00e9nomination : Association Sakura Si\u00e8ge social : 38 Rue Conti 34120 P\u00e9zenas Num\u00e9ro de t\u00e9l\u00e9phone : 06 17 78 82 64 Nom du responsable de la r\u00e9daction du site : Gwena\u00eblle THOMAS Structure juridique : Association de loi 1901 Num\u00e9ro RNA :\u00a0W341008072 d\u00e9clar\u00e9e le 3\/10\/2016 \u00e0 la Sous-Pr\u00e9fecture\u2026","rel":"","context":"Article similaire","img":{"alt_text":"","src":"","width":0,"height":0},"classes":[]},{"id":58,"url":"https:\/\/association-sakura.fr\/?page_id=58","url_meta":{"origin":144,"position":5},"title":"Langue Japonaise \u65e5\u672c\u8a9e","date":"18 ao\u00fbt 2016","format":false,"excerpt":"La langue japonaise, c'est une langue qui est \u00e9loign\u00e9 du fran\u00e7ais, mais tout aussi po\u00e9tique ! A savoir que la langue japonaise \u00e0 4 \u00e9critures :\u00a0 Hiragana Katakana Kanji Furigana Dans un premier lieu, lors de cours, les hiraganas et katakana (ordinairement dit les \"kanas\") sont appris afin d'utiliser ensuite\u2026","rel":"","context":"Article similaire","img":{"alt_text":"","src":"https:\/\/i0.wp.com\/association-sakura.fr\/wp-content\/uploads\/2020\/08\/Hiragana-300x225.png?resize=350%2C200","width":350,"height":200},"classes":[]}],"jetpack_likes_enabled":true,"_links":{"self":[{"href":"https:\/\/association-sakura.fr\/index.php?rest_route=\/wp\/v2\/pages\/144"}],"collection":[{"href":"https:\/\/association-sakura.fr\/index.php?rest_route=\/wp\/v2\/pages"}],"about":[{"href":"https:\/\/association-sakura.fr\/index.php?rest_route=\/wp\/v2\/types\/page"}],"author":[{"embeddable":true,"href":"https:\/\/association-sakura.fr\/index.php?rest_route=\/wp\/v2\/users\/1"}],"replies":[{"embeddable":true,"href":"https:\/\/association-sakura.fr\/index.php?rest_route=%2Fwp%2Fv2%2Fcomments&post=144"}],"version-history":[{"count":3,"href":"https:\/\/association-sakura.fr\/index.php?rest_route=\/wp\/v2\/pages\/144\/revisions"}],"predecessor-version":[{"id":2402,"href":"https:\/\/association-sakura.fr\/index.php?rest_route=\/wp\/v2\/pages\/144\/revisions\/2402"}],"up":[{"embeddable":true,"href":"https:\/\/association-sakura.fr\/index.php?rest_route=\/wp\/v2\/pages\/12"}],"wp:attachment":[{"href":"https:\/\/association-sakura.fr\/index.php?rest_route=%2Fwp%2Fv2%2Fmedia&parent=144"}],"curies":[{"name":"wp","href":"https:\/\/api.w.org\/{rel}","templated":true}]}}